{"id":29804,"date":"2022-09-25T00:42:53","date_gmt":"2022-09-25T04:42:53","guid":{"rendered":"http:\/\/www.ksiazeksport.com\/polsports\/?page_id=29804"},"modified":"2024-05-27T16:32:54","modified_gmt":"2024-05-27T20:32:54","slug":"home","status":"publish","type":"page","link":"https:\/\/www.ksiazeksport.com\/polsports\/","title":{"rendered":"Ksiazeksport"},"content":{"rendered":"<div class=\"row\"  id=\"row-1960061190\">\n\n\t<div id=\"col-1543669465\" class=\"col small-12 large-12\"  >\n\t\t\t\t<div class=\"col-inner\"  >\n\t\t\t\n\t\t\t\n<div class=\"row\"  id=\"row-7600584\">\n\n\t<div id=\"col-960266407\" class=\"col small-12 large-12\"  >\n\t\t\t\t<div class=\"col-inner text-center\"  >\n\t\t\t\n\t\t\t\n<a href=\"https:\/\/www.ksiazeksport.com\/polsports\/category\/ligapodhalanska\/\" class=\"button primary is-outline is-xsmall\"  style=\"border-radius:10px;\">\n\t\t<span>LIGA PODHALA\u0143SKA<\/span>\n\t<\/a>\n\n<a href=\"https:\/\/www.ksiazeksport.com\/polsports\/category\/greater-chicago-soccer-league\/\" class=\"button primary is-outline is-xsmall\"  style=\"border-radius:10px;\">\n\t\t<span>GREATER CHICAGO SOCCER LEAGUE<\/span>\n\t<\/a>\n\n\t\t<\/div>\n\t\t\t\t\t<\/div>\n\n\t\n<\/div>\n\t<div class=\"img has-hover x md-x lg-x y md-y lg-y\" id=\"image_1004837564\">\n\t\t\t\t\t\t\t\t<div class=\"img-inner dark\" >\n\t\t\t<img width=\"539\" height=\"120\" src=\"https:\/\/www.ksiazeksport.com\/polsports\/wp-content\/uploads\/2022\/10\/ubezp.gif\" class=\"attachment-large size-large\" alt=\"\" decoding=\"async\" loading=\"lazy\" \/>\t\t\t\t\t\t\n\t\t\t\t\t<\/div>\n\t\t\t\t\t\t\t\t\n<style>\n#image_1004837564 {\n  width: 100%;\n}\n<\/style>\n\t<\/div>\n\t\n\t\t<\/div>\n\t\t\t\t\t<\/div>\n\n\t\n<\/div>\n\n\t<section class=\"section\" id=\"section_1219144095\">\n\t\t<div class=\"section-bg fill\" >\n\t\t\t\t\t\t\t\t\t\n\t\t\t\n\n\t\t<\/div>\n\n\t\t\n\n\t\t<div class=\"section-content relative\">\n\t\t\t\n\n  \n    <div id=\"row-386092251\" class=\"row large-columns-1 medium-columns-1 small-columns-1 row-masonry\" data-packery-options='{\"itemSelector\": \".col\", \"gutter\": 0, \"presentageWidth\" : true}'>\n\n  <div class=\"col post-item\" >\n\t\t\t<div class=\"col-inner\">\n\t\t\t\t<div class=\"box box-default box-text-bottom box-blog-post has-hover\">\n          \t\t\t\t\t<div class=\"box-text text-center is-large\" >\n\t\t\t\t\t<div class=\"box-text-inner blog-post-inner\">\n\n\t\t\t\t\t\n\t\t\t\t\t\t\t\t\t\t<h5 class=\"post-title is-large \">\n\t\t\t\t\t\t<a href=\"https:\/\/www.ksiazeksport.com\/polsports\/trening-handymen-a\/\" class=\"plain\">&#8220;Trening&#8221; Handymen  A<\/a>\n\t\t\t\t\t<\/h5>\n\t\t\t\t\t\t\t\t\t\t<div class=\"is-divider\"><\/div>\n\t\t\t\t\t\t\t\t\t\t<p class=\"from_the_blog_excerpt \">\n\t\t\t\t\t\tW poniedzia\u0142kowy wiecz\u00f3r dosz\u0142o do spotkania rewan\u017cowego pomi\u0119dzy Handymen A a dru\u017cyn\u0105 NWF &#8211;\u00a0 przekazuje menager Handymken Piotr Jele\u0144. &#8211; \u00a0Bardzo chcieli\u015bmy si\u0119 zrewan\u017cowa\u0107 za ostatnie spotkanie. Otwieramy wynik ju\u017c po up\u0142ywie pi\u0119ciu minut i ca\u0142y czas n\u0119kamy bramkarza przeciwnika, ale pierwsza tercja ko\u0144czy si\u0119 remisem 1-1. W drugiej tercji [...]\t\t\t\t\t<\/p>\n\t\t\t\t\t                    \n\t\t\t\t\t\t\t\t\t\t\t<a href=\"https:\/\/www.ksiazeksport.com\/polsports\/trening-handymen-a\/\" class=\"button primary is-outline is-small mb-0\">\n\t\t\t\t\t\t\tczytaj wi\u0119cej\t\t\t\t\t\t<\/a>\n\t\t\t\t\t\n\t\t\t\t\t\n\t\t\t\t\t<\/div>\n\t\t\t\t\t<\/div>\n\t\t\t\t\t\t\t\t\t<\/div>\n\t\t\t<\/div>\n\t\t<\/div><div class=\"col post-item\" >\n\t\t\t<div class=\"col-inner\">\n\t\t\t\t<div class=\"box box-default box-text-bottom box-blog-post has-hover\">\n          \t\t\t\t\t<div class=\"box-text text-center is-large\" >\n\t\t\t\t\t<div class=\"box-text-inner blog-post-inner\">\n\n\t\t\t\t\t\n\t\t\t\t\t\t\t\t\t\t<h5 class=\"post-title is-large \">\n\t\t\t\t\t\t<a href=\"https:\/\/www.ksiazeksport.com\/polsports\/pierwsza-porazka-wisloki-3\/\" class=\"plain\">Pierwsza pora\u017cka Wis\u0142oki<\/a>\n\t\t\t\t\t<\/h5>\n\t\t\t\t\t\t\t\t\t\t<div class=\"is-divider\"><\/div>\n\t\t\t\t\t\t\t\t\t\t<p class=\"from_the_blog_excerpt \">\n\t\t\t\t\t\t&nbsp; &nbsp; Po czterech wygranych spotkaniach w UPSL Wis\u0142oka dozna\u0142a w niedziel\u0119 w Bensenville pierwszej w sezonie porazki, ulegaj\u0105c Berber City 2-5, WIS\u0141OKA = BERBER CITY 2-5 (1-3) Bramki: 1\u2019 Diodarevicz ,40\u2019G\u0142\u00f3dz Trener Marcin Szmuc: -Trudno o komentarz po takim meczu Dwa razy wychodzilismy na prowadzenie,\u00a0 ale goscie madrze nas [...]\t\t\t\t\t<\/p>\n\t\t\t\t\t                    \n\t\t\t\t\t\t\t\t\t\t\t<a href=\"https:\/\/www.ksiazeksport.com\/polsports\/pierwsza-porazka-wisloki-3\/\" class=\"button primary is-outline is-small mb-0\">\n\t\t\t\t\t\t\tczytaj wi\u0119cej\t\t\t\t\t\t<\/a>\n\t\t\t\t\t\n\t\t\t\t\t\n\t\t\t\t\t<\/div>\n\t\t\t\t\t<\/div>\n\t\t\t\t\t\t\t\t\t<\/div>\n\t\t\t<\/div>\n\t\t<\/div><div class=\"col post-item\" >\n\t\t\t<div class=\"col-inner\">\n\t\t\t\t<div class=\"box box-default box-text-bottom box-blog-post has-hover\">\n          \t\t\t\t\t<div class=\"box-text text-center is-large\" >\n\t\t\t\t\t<div class=\"box-text-inner blog-post-inner\">\n\n\t\t\t\t\t\n\t\t\t\t\t\t\t\t\t\t<h5 class=\"post-title is-large \">\n\t\t\t\t\t\t<a href=\"https:\/\/www.ksiazeksport.com\/polsports\/szaflary-nie-obronia-tytulu\/\" class=\"plain\">Szaflary nie obroni\u0105 tytu\u0142u<\/a>\n\t\t\t\t\t<\/h5>\n\t\t\t\t\t\t\t\t\t\t<div class=\"is-divider\"><\/div>\n\t\t\t\t\t\t\t\t\t\t<p class=\"from_the_blog_excerpt \">\n\t\t\t\t\t\t&nbsp; Wprawdzie z zaplanowanych siedmiu kolejek w rewam\u017cowej rundzie Ligi Podhala\u0144skiej rozegrano dopiero dwiem ale ju\u017c niemal na pewno mo\u017cna powiedzie\u0107,\u00a0\u00a0\u00a0\u00a0\u00a0 \u017ce Szaflary nie obroni\u0105 zdobytego przed rokiem tytu\u0142u ,mistrza. Przes\u0105dzi\u0142a o tym ich niedzielna pora\u017cka, i to w wysokich rozmiarach, z Oraw\u0105. W ten spos\u00f3b zesp\u00f3l Ryszarda Burego powi\u0119kszy\u0142 [...]\t\t\t\t\t<\/p>\n\t\t\t\t\t                    \n\t\t\t\t\t\t\t\t\t\t\t<a href=\"https:\/\/www.ksiazeksport.com\/polsports\/szaflary-nie-obronia-tytulu\/\" class=\"button primary is-outline is-small mb-0\">\n\t\t\t\t\t\t\tczytaj wi\u0119cej\t\t\t\t\t\t<\/a>\n\t\t\t\t\t\n\t\t\t\t\t\n\t\t\t\t\t<\/div>\n\t\t\t\t\t<\/div>\n\t\t\t\t\t\t\t\t\t<\/div>\n\t\t\t<\/div>\n\t\t<\/div><div class=\"col post-item\" >\n\t\t\t<div class=\"col-inner\">\n\t\t\t\t<div class=\"box box-default box-text-bottom box-blog-post has-hover\">\n          \t\t\t\t\t<div class=\"box-text text-center is-large\" >\n\t\t\t\t\t<div class=\"box-text-inner blog-post-inner\">\n\n\t\t\t\t\t\n\t\t\t\t\t\t\t\t\t\t<h5 class=\"post-title is-large \">\n\t\t\t\t\t\t<a href=\"https:\/\/www.ksiazeksport.com\/polsports\/niepelny-start-porazka-swisloki\/\" class=\"plain\">Niepe\u0142ny start&#8230;<\/a>\n\t\t\t\t\t<\/h5>\n\t\t\t\t\t\t\t\t\t\t<div class=\"is-divider\"><\/div>\n\t\t\t\t\t\t\t\t\t\t<p class=\"from_the_blog_excerpt \">\n\t\t\t\t\t\tPremier Soccer\u00a0 League of\u00a0 Chicagoland Tylko kilka spotka\u0144 rozegrano w imauguracji sezonu \u00a0Premier Soccer League of Chicagoland, ktora po\u0142\u0105czy\u0142a si\u0119 z Greatest Soccer League. Przeszkodzi\u0142a aura \u2013 ulewy, kt\u00f3re przesz\u0142y ostatnio nad rejonem Chicago, nie oszcz\u0119dzi\u0142y sportowych obiekt\u00f3w, w tym pilkarskuich boisk. Nie rozpcz\u0119\u0142a jeszcze sezonu Midwest Premier League (MDPL) [...]\t\t\t\t\t<\/p>\n\t\t\t\t\t                    \n\t\t\t\t\t\t\t\t\t\t\t<a href=\"https:\/\/www.ksiazeksport.com\/polsports\/niepelny-start-porazka-swisloki\/\" class=\"button primary is-outline is-small mb-0\">\n\t\t\t\t\t\t\tczytaj wi\u0119cej\t\t\t\t\t\t<\/a>\n\t\t\t\t\t\n\t\t\t\t\t\n\t\t\t\t\t<\/div>\n\t\t\t\t\t<\/div>\n\t\t\t\t\t\t\t\t\t<\/div>\n\t\t\t<\/div>\n\t\t<\/div><div class=\"col post-item\" >\n\t\t\t<div class=\"col-inner\">\n\t\t\t\t<div class=\"box box-default box-text-bottom box-blog-post has-hover\">\n          \t\t\t\t\t<div class=\"box-text text-center is-large\" >\n\t\t\t\t\t<div class=\"box-text-inner blog-post-inner\">\n\n\t\t\t\t\t\n\t\t\t\t\t\t\t\t\t\t<h5 class=\"post-title is-large \">\n\t\t\t\t\t\t<a href=\"https:\/\/www.ksiazeksport.com\/polsports\/zabraklo-skutecznosci\/\" class=\"plain\">Zabrak\u0142o skuteczno\u015bci<\/a>\n\t\t\t\t\t<\/h5>\n\t\t\t\t\t\t\t\t\t\t<div class=\"is-divider\"><\/div>\n\t\t\t\t\t\t\t\t\t\t<p class=\"from_the_blog_excerpt \">\n\t\t\t\t\t\tZ awizowanego dobrego sk\u0142adu na spotkanie Handymen A z NWF niestety nie dotarli wszyscy.. Zacz\u0119\u0142o si\u0119 szybko nie uk\u0142ada\u0107 tak jak by\u015bmy chcieli \u2013 przekazuje menager Handymen \u2013 Piotr Jele\u0144. \u00a0Po kilku niewykorzystanych przez nas sytuacjach, przeciwnik obna\u017cy\u0142 nasze s\u0142abe punkty\u00a0 i szybko obj\u0105\u0142 dwubramkowe prowadzenie. My bardzo chcieli\u015bmy, ale [...]\t\t\t\t\t<\/p>\n\t\t\t\t\t                    \n\t\t\t\t\t\t\t\t\t\t\t<a href=\"https:\/\/www.ksiazeksport.com\/polsports\/zabraklo-skutecznosci\/\" class=\"button primary is-outline is-small mb-0\">\n\t\t\t\t\t\t\tczytaj wi\u0119cej\t\t\t\t\t\t<\/a>\n\t\t\t\t\t\n\t\t\t\t\t\n\t\t\t\t\t<\/div>\n\t\t\t\t\t<\/div>\n\t\t\t\t\t\t\t\t\t<\/div>\n\t\t\t<\/div>\n\t\t<\/div><div class=\"col post-item\" >\n\t\t\t<div class=\"col-inner\">\n\t\t\t\t<div class=\"box box-default box-text-bottom box-blog-post has-hover\">\n          \t\t\t\t\t<div class=\"box-text text-center is-large\" >\n\t\t\t\t\t<div class=\"box-text-inner blog-post-inner\">\n\n\t\t\t\t\t\n\t\t\t\t\t\t\t\t\t\t<h5 class=\"post-title is-large \">\n\t\t\t\t\t\t<a href=\"https:\/\/www.ksiazeksport.com\/polsports\/trzymaja-nerwy-na-wodzy\/\" class=\"plain\">Trzyma\u0107 nerwy na wodzy<\/a>\n\t\t\t\t\t<\/h5>\n\t\t\t\t\t\t\t\t\t\t<div class=\"is-divider\"><\/div>\n\t\t\t\t\t\t\t\t\t\t<p class=\"from_the_blog_excerpt \">\n\t\t\t\t\t\t&nbsp; Kolejna wygrana hokeist\u00f3w Podhala po dreszczowcu &#8211; donosi\u00a0 Ryszard Tyra\u0142a. -. To ju\u017c kolejny mecz kiedy Podhale przyst\u0119puje do meczu , pozwalaj\u0105c rywalom na zaaplikowanie w kr\u00f3tkim odst\u0119pie czasu trzech goli. Po ci\u0119\u017ckiej pierwszej tercji i m\u0119skiej rozmowie w przerwie. Szarotki zabra\u0142y si\u0119 do pracy, powoli odrabiaj\u0105c straty. Decyduj\u0105ca [...]\t\t\t\t\t<\/p>\n\t\t\t\t\t                    \n\t\t\t\t\t\t\t\t\t\t\t<a href=\"https:\/\/www.ksiazeksport.com\/polsports\/trzymaja-nerwy-na-wodzy\/\" class=\"button primary is-outline is-small mb-0\">\n\t\t\t\t\t\t\tczytaj wi\u0119cej\t\t\t\t\t\t<\/a>\n\t\t\t\t\t\n\t\t\t\t\t\n\t\t\t\t\t<\/div>\n\t\t\t\t\t<\/div>\n\t\t\t\t\t\t\t\t\t<\/div>\n\t\t\t<\/div>\n\t\t<\/div><div class=\"col post-item\" >\n\t\t\t<div class=\"col-inner\">\n\t\t\t\t<div class=\"box box-default box-text-bottom box-blog-post has-hover\">\n          \t\t\t\t\t<div class=\"box-text text-center is-large\" >\n\t\t\t\t\t<div class=\"box-text-inner blog-post-inner\">\n\n\t\t\t\t\t\n\t\t\t\t\t\t\t\t\t\t<h5 class=\"post-title is-large \">\n\t\t\t\t\t\t<a href=\"https:\/\/www.ksiazeksport.com\/polsports\/gruszka-nie-ukonczyl-olympus-rally\/\" class=\"plain\">Gruszka nie uko\u0144czy\u0142 Olympus Rally<\/a>\n\t\t\t\t\t<\/h5>\n\t\t\t\t\t\t\t\t\t\t<div class=\"is-divider\"><\/div>\n\t\t\t\t\t\t\t\t\t\t<p class=\"from_the_blog_excerpt \">\n\t\t\t\t\t\tNie powiod\u0142o si\u0119 chicagowskiemu rajdowcowi Patrykowi Gruszce\u00a0 w trzeciej eliminacji rajdowch mistrzostw Ameryki \u00a0(ARA) &#8211; 2026 Olympus Rally, rozegranym w stanie Waszyngton&#8230; Podobnie jak w pierwszym tegorocznym starcie \u2013 Sno* Drift Rally,\u00a0\u00a0 zawi\u00f3d\u0142 samoch\u00f3d. Patryk\u00a0 w stawce a\u017c 99 uczestnik\u00f3w jecha\u0142 bardzo dobrze. Od startu utrzymywa\u0142 si\u0119 w \u015bcis\u0142ej czo\u0142\u00f3wce.\u00a0 [...]\t\t\t\t\t<\/p>\n\t\t\t\t\t                    \n\t\t\t\t\t\t\t\t\t\t\t<a href=\"https:\/\/www.ksiazeksport.com\/polsports\/gruszka-nie-ukonczyl-olympus-rally\/\" class=\"button primary is-outline is-small mb-0\">\n\t\t\t\t\t\t\tczytaj wi\u0119cej\t\t\t\t\t\t<\/a>\n\t\t\t\t\t\n\t\t\t\t\t\n\t\t\t\t\t<\/div>\n\t\t\t\t\t<\/div>\n\t\t\t\t\t\t\t\t\t<\/div>\n\t\t\t<\/div>\n\t\t<\/div><div class=\"col post-item\" >\n\t\t\t<div class=\"col-inner\">\n\t\t\t\t<div class=\"box box-default box-text-bottom box-blog-post has-hover\">\n          \t\t\t\t\t<div class=\"box-text text-center is-large\" >\n\t\t\t\t\t<div class=\"box-text-inner blog-post-inner\">\n\n\t\t\t\t\t\n\t\t\t\t\t\t\t\t\t\t<h5 class=\"post-title is-large \">\n\t\t\t\t\t\t<a href=\"https:\/\/www.ksiazeksport.com\/polsports\/maciej-jakubowski-szachowym-mistrzem-poloniii\/\" class=\"plain\">Maciej Jakubowski szachowym mistrzem Poloniii<\/a>\n\t\t\t\t\t<\/h5>\n\t\t\t\t\t\t\t\t\t\t<div class=\"is-divider\"><\/div>\n\t\t\t\t\t\t\t\t\t\t<p class=\"from_the_blog_excerpt \">\n\t\t\t\t\t\t&nbsp; &nbsp; W zawodach szachowych o Mistrzostwo Polonii\u00a0wzi\u0119\u0142a\u00a0rekordowa liczba zawodnik\u00f3w &#8211;\u00a0\u00a070, g\u0142\u00f3wnie wywodz\u0105cych sie z \u015brodowiska\u00a0polonijnego ale byli\u00a0r\u00f3wnie\u017c\u00a0amerykanie i przedstawiciele innych grup etnicznych. Udzial w zawodach wzi\u0105\u0142\u00a0r\u00f3wnie\u017c\u00a0konsul Micha\u0142 Arciszewski, demonstruj\u0105c\u00a0bardzo dobr\u0105 gr\u0119 zdobywaj\u0105c\u00a05 pkt na 7 mo\u017cliwych. Zwyci\u0119zc\u0105\u00a0z dorobkiem 6 punktowym zostal\u00a058 letni Maciej Jakubowski broni\u0105c tytu\u0142\u00a0z ubieg\u0142ego\u00a0roku.. Kolejne miejsca [...]\t\t\t\t\t<\/p>\n\t\t\t\t\t                    \n\t\t\t\t\t\t\t\t\t\t\t<a href=\"https:\/\/www.ksiazeksport.com\/polsports\/maciej-jakubowski-szachowym-mistrzem-poloniii\/\" class=\"button primary is-outline is-small mb-0\">\n\t\t\t\t\t\t\tczytaj wi\u0119cej\t\t\t\t\t\t<\/a>\n\t\t\t\t\t\n\t\t\t\t\t\n\t\t\t\t\t<\/div>\n\t\t\t\t\t<\/div>\n\t\t\t\t\t\t\t\t\t<\/div>\n\t\t\t<\/div>\n\t\t<\/div><\/div>\n\t\t<\/div>\n\n\t\t\n<style>\n#section_1219144095 {\n  padding-top: 20px;\n  padding-bottom: 20px;\n}\n<\/style>\n\t<\/section>\n\t\n","protected":false},"excerpt":{"rendered":"","protected":false},"author":1,"featured_media":0,"parent":0,"menu_order":0,"comment_status":"closed","ping_status":"closed","template":"page-right-sidebar.php","meta":[],"_links":{"self":[{"href":"https:\/\/www.ksiazeksport.com\/polsports\/wp-json\/wp\/v2\/pages\/29804"}],"collection":[{"href":"https:\/\/www.ksiazeksport.com\/polsports\/wp-json\/wp\/v2\/pages"}],"about":[{"href":"https:\/\/www.ksiazeksport.com\/polsports\/wp-json\/wp\/v2\/types\/page"}],"author":[{"embeddable":true,"href":"https:\/\/www.ksiazeksport.com\/polsports\/wp-json\/wp\/v2\/users\/1"}],"replies":[{"embeddable":true,"href":"https:\/\/www.ksiazeksport.com\/polsports\/wp-json\/wp\/v2\/comments?post=29804"}],"version-history":[{"count":19,"href":"https:\/\/www.ksiazeksport.com\/polsports\/wp-json\/wp\/v2\/pages\/29804\/revisions"}],"predecessor-version":[{"id":32366,"href":"https:\/\/www.ksiazeksport.com\/polsports\/wp-json\/wp\/v2\/pages\/29804\/revisions\/32366"}],"wp:attachment":[{"href":"https:\/\/www.ksiazeksport.com\/polsports\/wp-json\/wp\/v2\/media?parent=29804"}],"curies":[{"name":"wp","href":"https:\/\/api.w.org\/{rel}","templated":true}]}}